{"id":13936,"date":"2023-04-17T13:07:40","date_gmt":"2023-04-17T16:07:40","guid":{"rendered":"https:\/\/brasilsemalergia.com.br\/loja_abbaa\/?post_type=product&#038;p=13936"},"modified":"2023-07-31T15:34:53","modified_gmt":"2023-07-31T18:34:53","slug":"coloracao-para-cabelo-hipoalergenica-sensicolor-eclat","status":"publish","type":"product","link":"https:\/\/brasilsemalergia.com.br\/loja_abbaa\/produtos-para-alergicos\/beleza\/coloracao-para-cabelo-hipoalergenica-sensicolor-eclat\/","title":{"rendered":"Colora\u00e7\u00e3o para Cabelo Hipoalerg\u00eanica SensiColor Eclat"},"content":{"rendered":"<p><b><i>Benef\u00edcios<\/i><\/b><em><strong>\u00a0<\/strong><\/em><\/p>\n<p>A<strong>\u00a0Colora\u00e7\u00e3o capilar<\/strong><strong>\u00a0SensiColor Eclat<\/strong><strong>\u00a0<\/strong>da Alergoshop foi desenvolvida no mais rigoroso padr\u00e3o de qualidade com uma f\u00f3rmula inovadora que confere aos cabelos total cobertura, maciez e brilho intenso, sem sensa\u00e7\u00f5es de desconforto. \u00c9 indicada para pessoas al\u00e9rgicas ou intolerantes aos produtos semelhantes que cont\u00eam parafenilenodiamina (PPD), am\u00f4nia, pirogalol, resorcinol e perfume.<br \/>\nCont\u00e9m um complexo ativo que associa a carbo-ciste\u00edna \u00e0 amino\u00e1cidos do trigo promovendo for\u00e7a, flexibilidade, reconstru\u00e7\u00e3o dos fios e repara\u00e7\u00e3o intensiva da cut\u00edcula dia ap\u00f3s dia.<\/p>\n<p>Hipoalerg\u00eanica e Dermatologicamente testada.<\/p>\n<p><strong><em>ATEN\u00c7\u00c3O:<\/em><\/strong><em>\u00a0A colora\u00e7\u00e3o SensiColor \u00e9 hipoalerg\u00eanica, tendo sido aprovada em todos os testes e laudos necess\u00e1rios exigidos pela\u00a0<\/em><em>ANVISA<\/em><em>\u00a0para poder carregar a designa\u00e7\u00e3o de produto hipoalerg\u00eanico. A Colora\u00e7\u00e3o SensiColor \u00e9 livre de\u00a0<\/em><strong><em>Parafenilenodiamina (PPD), Am\u00f4nia, Resorcinol, Pirogalol e Perfume<\/em><\/strong><em>. Portanto, a SensiColor \u00e9 uma colora\u00e7\u00e3o hipoalerg\u00eanica e segura para pessoas\u00a0<\/em><strong><em>com alergia a estes componentes<\/em><\/strong><em>\u00a0citados, que s\u00e3o comumente utilizados na maioria dos produtos semelhantes e s\u00e3o os que mais causam alergia na maioria da popula\u00e7\u00e3o.\u00a0<\/em><strong><em>Algumas pessoas podem ter rea\u00e7\u00f5es cruzadas com outros componentes da f\u00f3rmula. Por isso,\u00a0<\/em><em>fa\u00e7a<\/em><em>\u00a0sempre<\/em><em>\u00a0o teste conforme indicado na embalagem antes de utilizar este produt<\/em><em>o, mesmo que j\u00e1 tenha utilizado e n\u00e3o tenha manifestado sintomas de alergias, pois pode ocorrer sensibiliza\u00e7\u00e3o.<\/em><\/strong><\/p>\n<p><strong>PRECAU\u00c7\u00d5ES E ADVERT\u00caNCIAS<\/strong><br \/>\n\u2022 Usar luvas adequadas.<br \/>\n\u2022 Mesmo sendo hipoalerg\u00eanicas, as colora\u00e7\u00f5es SensiColor cont\u00eam subst\u00e2ncias pass\u00edveis de causar irrita\u00e7\u00e3o ou alergia na pele de determinadas pessoas. Antes de usar deve ser realizada a prova de toque. Conhecer o que lhe causa alergia \u00e9 a forma mais adequada e segura para usar qualquer produto, especialmente a colora\u00e7\u00e3o capilar SensiColor.<br \/>\n\u2022 A Colora\u00e7\u00e3o SensiColor \u00e9 indicada para pessoas com alergia a: PPD, Resorcinol, Am\u00f4nia, Pirogalol e Fragr\u00e2ncias.<br \/>\n<strong>\u2022 As pessoas sens\u00edveis ao PPD tamb\u00e9m podem ser sens\u00edveis a outros ingredientes da f\u00f3rmula, como por exemplo o &#8220;&#8221;sulfato de tolueno-2,5-diamina&#8221;&#8221;, &#8220;&#8221;p-aminofenol&#8221;&#8221; e &#8220;&#8221;m-aminofenol&#8221;&#8221;.<\/strong><br \/>\n\u2022 N\u00e3o utilizar em c\u00edlios e sobrancelhas.<br \/>\n\u2022 N\u00e3o cont\u00e9m resorcinol, mas cont\u00e9m 4-chlororesorcinol e 2-methylresorcinol, mol\u00e9culas diferenciadas derivadas.<br \/>\n\u2022 N\u00e3o aplicar se o couro cabeludo estiver irritado ou lesionado.<br \/>\n\u2022 Em caso de contato com os olhos, lavar com \u00e1gua em abund\u00e2ncia.<br \/>\n\u2022 Manter em local arejado e protegido da luz direta.<br \/>\n\u2022 Manter fora do alcance das crian\u00e7as.<br \/>\n\u2022 Uso Externo.<\/p>\n<p><em><strong>Caracter\u00edsticas<\/strong><\/em><\/p>\n<p>\u2022 Primeira Colora\u00e7\u00e3o Hipoalerg\u00eanica do Brasil;<\/p>\n<p>\u2022 Colora\u00e7\u00e3o permanente;<\/p>\n<p>\u2022 Cobertura uniforme;<\/p>\n<p>\u2022 Brilho intenso;<\/p>\n<p>\u2022 Complexo Biorestore \u00ae &#8211; promove for\u00e7a e flexibilidade;<\/p>\n<p>\u2022 Livre de: parafenilenodiamina (PPD), am\u00f4nia, pirogalol, resorcinol e perfume;<\/p>\n<p>\u2022 Livre de 95 subst\u00e2ncias potencialmente nocivas e alerg\u00eanicas.<\/p>\n<p>&nbsp;<\/p>\n<p><em><strong>Modo de usar<\/strong><\/em><\/p>\n<p><strong>PROVA DE TOQUE<\/strong><br \/>\nPrepare um pouco deste produto como se fosse utiliz\u00e1-lo. Aplique um pouco do produto no antebra\u00e7o ou atr\u00e1s da orelha e deixe por 30 minutos. Lave o local. Se n\u00e3o houver irrita\u00e7\u00e3o ou ard\u00eancia durante 48 horas, proceder \u00e0 aplica\u00e7\u00e3o do produto.<\/p>\n<p>&nbsp;<\/p>\n<p><strong>PREPARO E APLICA\u00c7\u00c3O<\/strong><br \/>\n\u2022\u00a0Ler\u00a0atentamente\u00a0as\u00a0precau\u00e7\u00f5es,\u00a0recomenda\u00e7\u00f5es\u00a0e realizar prova de toque antes de utilizar o produto.<br \/>\n\u2022 Usar luvas adequadas.<br \/>\n\u2022\u00a0Em\u00a0um\u00a0recipiente\u00a0n\u00e3o\u00a0met\u00e1lico\u00a0misturar\u00a060g\u00a0de colora\u00e7\u00e3o capilar em creme e 90mL de oxidante.<br \/>\n\u2022\u00a0Para\u00a0escurecer\u00a0ou\u00a0manter\u00a0o\u00a0mesmo\u00a0tom,\u00a0use\u00a0\u00e1gua oxigenada 10 volumes. Para clarear at\u00e9 2 tons, tom sobre tom ou nuances mais escuras use \u00e1gua oxigenada de 20 volumes. Para clarear at\u00e9 3 tons, use \u00e1gua oxigenada de 30 volumes. Para clarear at\u00e9 4 tons, use \u00e1gua oxigenada de 40 volumes. Para os louros especiais misturar uma parte da colora\u00e7\u00e3o e 2 partes da \u00e1gua oxigenada.<br \/>\n\u2022 Aplicar com um pincel sobre os cabelos.<br \/>\n\u2022 O tempo de pausa varia de acordo com a \u00e1gua oxigenada de: 35 a 40 minutos.<br \/>\n\u2022 Ap\u00f3s tempo de pausa, enxaguar delicadamente os cabelos com \u00e1gua morna. Aplicar um creme hidratante sobre os cabelos e deixar por 5 minutos. Posteriormente, enxaguar abundantemente.<\/p>\n<p><em><strong>Composi\u00e7\u00f5es<\/strong><\/em><\/p>\n<p><span style=\"vertical-align: inherit;\"><span style=\"vertical-align: inherit;\">AQUA, TETRASODIUM EDTA, SODIUM METABISULFITE, ERYTHORBIC ACID, COCAMIDE DEA, PROPYLENE GLYCOL, CETEARYL ALCOHOL, CETEARETH-20, OLEIC ACID, CETRIMONIUM CHLORIDE, LAURYL PYRROLIDONE, HYDROGENATED OLIVE OIL, THEOBROMA GRANDIFLORUM SEED BUTTER, AMMONIUM LAURYL SULFATE, SODIUM POLYACRYLATE, HYDROLYZED COL\u00c1GENO, DMDM \u200b\u200bHIDANTO\u00cdNA, ETANOLAMINA, TBHQ, \u00c1CIDO ASC\u00d3RBICO, PROTE\u00cdNA DE TRIGO HIDROLISADA, METICONE, POLIQUATERNIUM-10, CARBOCISTE\u00cdNA. <\/span><span style=\"vertical-align: inherit;\">Pode conter: 4-CLORORESORCINOL, P-AMINOFENOL, M-AMINOFENOL, FENIL METIL PIRAZOLONA, 2-METILRESORCINOL, 4-AMINO-2-HIDROXITOLUENO, 2-METIL-5HIDROXIETILAMINOFENOL, TOLUENO-2,5-DIAMINA SULFATO, 4-AMINO- M-CRESOL, 1,3-BIS 2,4-DIAMOPEN\u00d3XI PROPANO HCl.<\/span><\/span><\/p>\n","protected":false},"excerpt":{"rendered":"<p>Colora\u00e7\u00e3o Capilar SensiColor Eclat da Alergoshop. Hipoalerg\u00eanica. 60g.<br \/>\n(<strong>ATEN\u00c7\u00c3O:\u00a0<\/strong>\u00c1gua oxigenada n\u00e3o inclusa)<br \/>\n\u2022 Cruelty Free<\/p>\n","protected":false},"featured_media":13937,"comment_status":"open","ping_status":"closed","template":"","meta":[],"product_cat":[52,50,45],"product_tag":[],"class_list":{"0":"post-13936","1":"product","2":"type-product","3":"status-publish","4":"has-post-thumbnail","6":"product_cat-beleza","7":"product_cat-ofertas","8":"product_cat-produtos-para-alergicos","10":"first","11":"outofstock","12":"sale","13":"shipping-taxable","14":"purchasable","15":"product-type-variable"},"yoast_head":"<!-- This site is optimized with the Yoast SEO plugin v22.7 - https:\/\/yoast.com\/wordpress\/plugins\/seo\/ -->\n<title>Colora\u00e7\u00e3o para Cabelo Hipoalerg\u00eanica SensiColor Eclat - Loja Abbaa<\/title>\n<meta name=\"robots\" content=\"index, follow, max-snippet:-1, max-image-preview:large, max-video-preview:-1\" \/>\n<link rel=\"canonical\" href=\"https:\/\/brasilsemalergia.com.br\/loja_abbaa\/produtos-para-alergicos\/beleza\/coloracao-para-cabelo-hipoalergenica-sensicolor-eclat\/\" \/>\n<meta property=\"og:locale\" content=\"pt_BR\" \/>\n<meta property=\"og:type\" content=\"article\" \/>\n<meta property=\"og:title\" content=\"Colora\u00e7\u00e3o para Cabelo Hipoalerg\u00eanica SensiColor Eclat - Loja Abbaa\" \/>\n<meta property=\"og:description\" content=\"Colora\u00e7\u00e3o Capilar SensiColor Eclat da Alergoshop. Hipoalerg\u00eanica. 60g. (ATEN\u00c7\u00c3O:\u00a0\u00c1gua oxigenada n\u00e3o inclusa) \u2022 Cruelty Free\" \/>\n<meta property=\"og:url\" content=\"https:\/\/brasilsemalergia.com.br\/loja_abbaa\/produtos-para-alergicos\/beleza\/coloracao-para-cabelo-hipoalergenica-sensicolor-eclat\/\" \/>\n<meta property=\"og:site_name\" content=\"Loja Abbaa\" \/>\n<meta property=\"article:modified_time\" content=\"2023-07-31T18:34:53+00:00\" \/>\n<meta property=\"og:image\" content=\"https:\/\/brasilsemalergia.com.br\/loja_abbaa\/wp-content\/uploads\/2023\/04\/Coloracao-para-Cabelo-Hipoalergenica-SensiColor-Eclat.jpeg\" \/>\n\t<meta property=\"og:image:width\" content=\"300\" \/>\n\t<meta property=\"og:image:height\" content=\"300\" \/>\n\t<meta property=\"og:image:type\" content=\"image\/jpeg\" \/>\n<meta name=\"twitter:card\" content=\"summary_large_image\" \/>\n<meta name=\"twitter:label1\" content=\"Est. tempo de leitura\" \/>\n\t<meta name=\"twitter:data1\" content=\"4 minutos\" \/>\n<script type=\"application\/ld+json\" class=\"yoast-schema-graph\">{\"@context\":\"https:\/\/schema.org\",\"@graph\":[{\"@type\":\"WebPage\",\"@id\":\"https:\/\/brasilsemalergia.com.br\/loja_abbaa\/produtos-para-alergicos\/beleza\/coloracao-para-cabelo-hipoalergenica-sensicolor-eclat\/\",\"url\":\"https:\/\/brasilsemalergia.com.br\/loja_abbaa\/produtos-para-alergicos\/beleza\/coloracao-para-cabelo-hipoalergenica-sensicolor-eclat\/\",\"name\":\"Colora\u00e7\u00e3o para Cabelo Hipoalerg\u00eanica SensiColor Eclat - Loja Abbaa\",\"isPartOf\":{\"@id\":\"https:\/\/brasilsemalergia.com.br\/loja_abbaa\/#website\"},\"primaryImageOfPage\":{\"@id\":\"https:\/\/brasilsemalergia.com.br\/loja_abbaa\/produtos-para-alergicos\/beleza\/coloracao-para-cabelo-hipoalergenica-sensicolor-eclat\/#primaryimage\"},\"image\":{\"@id\":\"https:\/\/brasilsemalergia.com.br\/loja_abbaa\/produtos-para-alergicos\/beleza\/coloracao-para-cabelo-hipoalergenica-sensicolor-eclat\/#primaryimage\"},\"thumbnailUrl\":\"https:\/\/brasilsemalergia.com.br\/loja_abbaa\/wp-content\/uploads\/2023\/04\/Coloracao-para-Cabelo-Hipoalergenica-SensiColor-Eclat.jpeg\",\"datePublished\":\"2023-04-17T16:07:40+00:00\",\"dateModified\":\"2023-07-31T18:34:53+00:00\",\"breadcrumb\":{\"@id\":\"https:\/\/brasilsemalergia.com.br\/loja_abbaa\/produtos-para-alergicos\/beleza\/coloracao-para-cabelo-hipoalergenica-sensicolor-eclat\/#breadcrumb\"},\"inLanguage\":\"pt-BR\",\"potentialAction\":[{\"@type\":\"ReadAction\",\"target\":[\"https:\/\/brasilsemalergia.com.br\/loja_abbaa\/produtos-para-alergicos\/beleza\/coloracao-para-cabelo-hipoalergenica-sensicolor-eclat\/\"]}]},{\"@type\":\"ImageObject\",\"inLanguage\":\"pt-BR\",\"@id\":\"https:\/\/brasilsemalergia.com.br\/loja_abbaa\/produtos-para-alergicos\/beleza\/coloracao-para-cabelo-hipoalergenica-sensicolor-eclat\/#primaryimage\",\"url\":\"https:\/\/brasilsemalergia.com.br\/loja_abbaa\/wp-content\/uploads\/2023\/04\/Coloracao-para-Cabelo-Hipoalergenica-SensiColor-Eclat.jpeg\",\"contentUrl\":\"https:\/\/brasilsemalergia.com.br\/loja_abbaa\/wp-content\/uploads\/2023\/04\/Coloracao-para-Cabelo-Hipoalergenica-SensiColor-Eclat.jpeg\",\"width\":300,\"height\":300},{\"@type\":\"BreadcrumbList\",\"@id\":\"https:\/\/brasilsemalergia.com.br\/loja_abbaa\/produtos-para-alergicos\/beleza\/coloracao-para-cabelo-hipoalergenica-sensicolor-eclat\/#breadcrumb\",\"itemListElement\":[{\"@type\":\"ListItem\",\"position\":1,\"name\":\"In\u00edcio\",\"item\":\"https:\/\/brasilsemalergia.com.br\/loja_abbaa\/\"},{\"@type\":\"ListItem\",\"position\":2,\"name\":\"Loja\",\"item\":\"https:\/\/brasilsemalergia.com.br\/loja_abbaa\/\"},{\"@type\":\"ListItem\",\"position\":3,\"name\":\"Colora\u00e7\u00e3o para Cabelo Hipoalerg\u00eanica SensiColor Eclat\"}]},{\"@type\":\"WebSite\",\"@id\":\"https:\/\/brasilsemalergia.com.br\/loja_abbaa\/#website\",\"url\":\"https:\/\/brasilsemalergia.com.br\/loja_abbaa\/\",\"name\":\"Loja Abbaa\",\"description\":\"\",\"publisher\":{\"@id\":\"https:\/\/brasilsemalergia.com.br\/loja_abbaa\/#organization\"},\"potentialAction\":[{\"@type\":\"SearchAction\",\"target\":{\"@type\":\"EntryPoint\",\"urlTemplate\":\"https:\/\/brasilsemalergia.com.br\/loja_abbaa\/?s={search_term_string}\"},\"query-input\":\"required name=search_term_string\"}],\"inLanguage\":\"pt-BR\"},{\"@type\":\"Organization\",\"@id\":\"https:\/\/brasilsemalergia.com.br\/loja_abbaa\/#organization\",\"name\":\"Loja Abbaa\",\"url\":\"https:\/\/brasilsemalergia.com.br\/loja_abbaa\/\",\"logo\":{\"@type\":\"ImageObject\",\"inLanguage\":\"pt-BR\",\"@id\":\"https:\/\/brasilsemalergia.com.br\/loja_abbaa\/#\/schema\/logo\/image\/\",\"url\":\"https:\/\/brasilsemalergia.com.br\/loja_abbaa\/wp-content\/uploads\/2023\/03\/logo-hor-site.png\",\"contentUrl\":\"https:\/\/brasilsemalergia.com.br\/loja_abbaa\/wp-content\/uploads\/2023\/03\/logo-hor-site.png\",\"width\":440,\"height\":120,\"caption\":\"Loja Abbaa\"},\"image\":{\"@id\":\"https:\/\/brasilsemalergia.com.br\/loja_abbaa\/#\/schema\/logo\/image\/\"}}]}<\/script>\n<!-- \/ Yoast SEO plugin. -->","yoast_head_json":{"title":"Colora\u00e7\u00e3o para Cabelo Hipoalerg\u00eanica SensiColor Eclat - Loja Abbaa","robots":{"index":"index","follow":"follow","max-snippet":"max-snippet:-1","max-image-preview":"max-image-preview:large","max-video-preview":"max-video-preview:-1"},"canonical":"https:\/\/brasilsemalergia.com.br\/loja_abbaa\/produtos-para-alergicos\/beleza\/coloracao-para-cabelo-hipoalergenica-sensicolor-eclat\/","og_locale":"pt_BR","og_type":"article","og_title":"Colora\u00e7\u00e3o para Cabelo Hipoalerg\u00eanica SensiColor Eclat - Loja Abbaa","og_description":"Colora\u00e7\u00e3o Capilar SensiColor Eclat da Alergoshop. Hipoalerg\u00eanica. 60g. (ATEN\u00c7\u00c3O:\u00a0\u00c1gua oxigenada n\u00e3o inclusa) \u2022 Cruelty Free","og_url":"https:\/\/brasilsemalergia.com.br\/loja_abbaa\/produtos-para-alergicos\/beleza\/coloracao-para-cabelo-hipoalergenica-sensicolor-eclat\/","og_site_name":"Loja Abbaa","article_modified_time":"2023-07-31T18:34:53+00:00","og_image":[{"width":300,"height":300,"url":"https:\/\/brasilsemalergia.com.br\/loja_abbaa\/wp-content\/uploads\/2023\/04\/Coloracao-para-Cabelo-Hipoalergenica-SensiColor-Eclat.jpeg","type":"image\/jpeg"}],"twitter_card":"summary_large_image","twitter_misc":{"Est. tempo de leitura":"4 minutos"},"schema":{"@context":"https:\/\/schema.org","@graph":[{"@type":"WebPage","@id":"https:\/\/brasilsemalergia.com.br\/loja_abbaa\/produtos-para-alergicos\/beleza\/coloracao-para-cabelo-hipoalergenica-sensicolor-eclat\/","url":"https:\/\/brasilsemalergia.com.br\/loja_abbaa\/produtos-para-alergicos\/beleza\/coloracao-para-cabelo-hipoalergenica-sensicolor-eclat\/","name":"Colora\u00e7\u00e3o para Cabelo Hipoalerg\u00eanica SensiColor Eclat - Loja Abbaa","isPartOf":{"@id":"https:\/\/brasilsemalergia.com.br\/loja_abbaa\/#website"},"primaryImageOfPage":{"@id":"https:\/\/brasilsemalergia.com.br\/loja_abbaa\/produtos-para-alergicos\/beleza\/coloracao-para-cabelo-hipoalergenica-sensicolor-eclat\/#primaryimage"},"image":{"@id":"https:\/\/brasilsemalergia.com.br\/loja_abbaa\/produtos-para-alergicos\/beleza\/coloracao-para-cabelo-hipoalergenica-sensicolor-eclat\/#primaryimage"},"thumbnailUrl":"https:\/\/brasilsemalergia.com.br\/loja_abbaa\/wp-content\/uploads\/2023\/04\/Coloracao-para-Cabelo-Hipoalergenica-SensiColor-Eclat.jpeg","datePublished":"2023-04-17T16:07:40+00:00","dateModified":"2023-07-31T18:34:53+00:00","breadcrumb":{"@id":"https:\/\/brasilsemalergia.com.br\/loja_abbaa\/produtos-para-alergicos\/beleza\/coloracao-para-cabelo-hipoalergenica-sensicolor-eclat\/#breadcrumb"},"inLanguage":"pt-BR","potentialAction":[{"@type":"ReadAction","target":["https:\/\/brasilsemalergia.com.br\/loja_abbaa\/produtos-para-alergicos\/beleza\/coloracao-para-cabelo-hipoalergenica-sensicolor-eclat\/"]}]},{"@type":"ImageObject","inLanguage":"pt-BR","@id":"https:\/\/brasilsemalergia.com.br\/loja_abbaa\/produtos-para-alergicos\/beleza\/coloracao-para-cabelo-hipoalergenica-sensicolor-eclat\/#primaryimage","url":"https:\/\/brasilsemalergia.com.br\/loja_abbaa\/wp-content\/uploads\/2023\/04\/Coloracao-para-Cabelo-Hipoalergenica-SensiColor-Eclat.jpeg","contentUrl":"https:\/\/brasilsemalergia.com.br\/loja_abbaa\/wp-content\/uploads\/2023\/04\/Coloracao-para-Cabelo-Hipoalergenica-SensiColor-Eclat.jpeg","width":300,"height":300},{"@type":"BreadcrumbList","@id":"https:\/\/brasilsemalergia.com.br\/loja_abbaa\/produtos-para-alergicos\/beleza\/coloracao-para-cabelo-hipoalergenica-sensicolor-eclat\/#breadcrumb","itemListElement":[{"@type":"ListItem","position":1,"name":"In\u00edcio","item":"https:\/\/brasilsemalergia.com.br\/loja_abbaa\/"},{"@type":"ListItem","position":2,"name":"Loja","item":"https:\/\/brasilsemalergia.com.br\/loja_abbaa\/"},{"@type":"ListItem","position":3,"name":"Colora\u00e7\u00e3o para Cabelo Hipoalerg\u00eanica SensiColor Eclat"}]},{"@type":"WebSite","@id":"https:\/\/brasilsemalergia.com.br\/loja_abbaa\/#website","url":"https:\/\/brasilsemalergia.com.br\/loja_abbaa\/","name":"Loja Abbaa","description":"","publisher":{"@id":"https:\/\/brasilsemalergia.com.br\/loja_abbaa\/#organization"},"potentialAction":[{"@type":"SearchAction","target":{"@type":"EntryPoint","urlTemplate":"https:\/\/brasilsemalergia.com.br\/loja_abbaa\/?s={search_term_string}"},"query-input":"required name=search_term_string"}],"inLanguage":"pt-BR"},{"@type":"Organization","@id":"https:\/\/brasilsemalergia.com.br\/loja_abbaa\/#organization","name":"Loja Abbaa","url":"https:\/\/brasilsemalergia.com.br\/loja_abbaa\/","logo":{"@type":"ImageObject","inLanguage":"pt-BR","@id":"https:\/\/brasilsemalergia.com.br\/loja_abbaa\/#\/schema\/logo\/image\/","url":"https:\/\/brasilsemalergia.com.br\/loja_abbaa\/wp-content\/uploads\/2023\/03\/logo-hor-site.png","contentUrl":"https:\/\/brasilsemalergia.com.br\/loja_abbaa\/wp-content\/uploads\/2023\/03\/logo-hor-site.png","width":440,"height":120,"caption":"Loja Abbaa"},"image":{"@id":"https:\/\/brasilsemalergia.com.br\/loja_abbaa\/#\/schema\/logo\/image\/"}}]}},"_links":{"self":[{"href":"https:\/\/brasilsemalergia.com.br\/loja_abbaa\/wp-json\/wp\/v2\/product\/13936","targetHints":{"allow":["GET"]}}],"collection":[{"href":"https:\/\/brasilsemalergia.com.br\/loja_abbaa\/wp-json\/wp\/v2\/product"}],"about":[{"href":"https:\/\/brasilsemalergia.com.br\/loja_abbaa\/wp-json\/wp\/v2\/types\/product"}],"replies":[{"embeddable":true,"href":"https:\/\/brasilsemalergia.com.br\/loja_abbaa\/wp-json\/wp\/v2\/comments?post=13936"}],"version-history":[{"count":0,"href":"https:\/\/brasilsemalergia.com.br\/loja_abbaa\/wp-json\/wp\/v2\/product\/13936\/revisions"}],"wp:featuredmedia":[{"embeddable":true,"href":"https:\/\/brasilsemalergia.com.br\/loja_abbaa\/wp-json\/wp\/v2\/media\/13937"}],"wp:attachment":[{"href":"https:\/\/brasilsemalergia.com.br\/loja_abbaa\/wp-json\/wp\/v2\/media?parent=13936"}],"wp:term":[{"taxonomy":"product_cat","embeddable":true,"href":"https:\/\/brasilsemalergia.com.br\/loja_abbaa\/wp-json\/wp\/v2\/product_cat?post=13936"},{"taxonomy":"product_tag","embeddable":true,"href":"https:\/\/brasilsemalergia.com.br\/loja_abbaa\/wp-json\/wp\/v2\/product_tag?post=13936"}],"curies":[{"name":"wp","href":"https:\/\/api.w.org\/{rel}","templated":true}]}}